{"id":2960,"date":"2022-08-18T15:27:33","date_gmt":"2022-08-18T13:27:33","guid":{"rendered":"https:\/\/www.aterno.be\/?page_id=2960"},"modified":"2022-09-01T11:50:20","modified_gmt":"2022-09-01T09:50:20","slug":"conditions-generales-de-ventes-aterno-privilege-plus","status":"publish","type":"page","link":"https:\/\/www.aterno.be\/fr\/conditions-generales-de-ventes-aterno-privilege-plus\/","title":{"rendered":"Conditions G\u00e9n\u00e9rales de Ventes Aterno Privil\u00e8ge +"},"content":{"rendered":"<p>En souscrivant au contrat \u00ab Aterno &#8211; Privil\u00e8ge + \u00bb la personne devient client d&#8217;Aterno et peut ainsi b\u00e9n\u00e9ficier pour z\u00e9ro euro des services suivants :<\/p>\n<ol>\n<li>Bilan thermique de l&#8217;habitation comprenant entre autres : l&#8217;\u00e9tude du niveau d&#8217;isolation, le bilan du fonctionnement du chauffage existant et recommandations si n\u00e9cessaire, la recherche des points d&#8217;humidit\u00e9 gr\u00e2ce \u00e0 une cam\u00e9ra thermique<\/li>\n<li>Bilan de consommation et production de l&#8217;eau chaude<\/li>\n<li>Bilan de situation sur la puissance du tableau \u00e9lectrique avec le cas \u00e9ch\u00e9ant des conseils de d\u00e9lestage, de renforcement ou du remplacement<\/li>\n<li>Analyse et d\u00e9cryptage de la facture d&#8217;\u00e9nergie<\/li>\n<li>Si la situation le permet, estimation des gains \u00e9nerg\u00e9tiques et des \u00e9conomies r\u00e9alisables avec l&#8217;installation d&#8217;un syst\u00e8me solaire<\/li>\n<li>Pr\u00e9sentation de diff\u00e9rentes pistes pour r\u00e9aliser des \u00e9conomies d&#8217;\u00e9nergie<\/li>\n<li>Estimation de la faisabilit\u00e9 technique et administrative des travaux identifi\u00e9s<\/li>\n<li>Identification des attentes et besoins du client<\/li>\n<li>Service d&#8217;assistance avec un conseiller par t\u00e9l\u00e9phone<\/li>\n<\/ol>\n<h2>Conditions g\u00e9n\u00e9rales du contrat \u00ab Aterno &#8211; Privil\u00e8ge + \u00bb :<\/h2>\n<p>Pour accompagner les personnes dans la r\u00e9alisation de travaux de r\u00e9novation \u00e9nerg\u00e9tique afin d&#8217;am\u00e9liorer leur habitat et\/ou r\u00e9aliser des \u00e9conomies d&#8217;\u00e9nergie, Aterno leur propose pour z\u00e9ro euro un contrat d&#8217;accompagnement et de conseil, le contrat \u00ab Aterno &#8211; Privil\u00e8ge + \u00bb, sous certaines conditions vis\u00e9es aux pr\u00e9sentes conditions g\u00e9n\u00e9rales.<\/p>\n<p>Le client reconnait avoir pris connaissance des pr\u00e9sentes conditions g\u00e9n\u00e9rales pr\u00e9alablement \u00e0 la souscription du contrat \u00ab Aterno &#8211; Privil\u00e8ge + \u00bb et les avoir accept\u00e9es de telle sorte qu&#8217;elles lui sont pleinement opposables conform\u00e9ment \u00e0 l&#8217;article 1119 du Code civil.<\/p>\n<p>Toute souscription au contrat \u00ab Aterno &#8211; Privil\u00e8ge + \u00bb implique l&#8217;adh\u00e9sion sans r\u00e9serve aux pr\u00e9sentes conditions g\u00e9n\u00e9rales qui pr\u00e9valent sur toutes autres conditions. Le client s&#8217;engage \u00e0 respecter chacune des dispositions des pr\u00e9sentes conditions g\u00e9n\u00e9rales sans restriction ni r\u00e9serve.<\/p>\n<p>Ces services et leur acc\u00e8s sont r\u00e9serv\u00e9s au client concern\u00e9 identifi\u00e9 avec son num\u00e9ro client qui lui est personnel.<\/p>\n<p>Aterno se r\u00e9serve le droit de suspendre ou de refuser l&#8217;acc\u00e8s aux services, sans pr\u00e9avis, en cas d&#8217;usurpation du compte client, de transmission volontaire ou non du num\u00e9ro client, de souscriptions multiples et\/ou r\u00e9p\u00e9t\u00e9es au contrat, etc., sans qu&#8217;une telle d\u00e9cision ne puisse engager la responsabilit\u00e9 d&#8217;Aterno \u00e0 quelque titre que ce soit.<\/p>\n<p>Aterno ne pourra \u00eatre tenu responsable en cas d&#8217;informations communiqu\u00e9es \u00e0 d&#8217;autres personnes que ses clients souscripteurs du contrat \u00ab Aterno &#8211; Privil\u00e8ge + \u00bb, ou en cas d&#8217;informations ou de conseils donn\u00e9s sur la base d&#8217;informations erron\u00e9es du client. Le client reconna\u00eet qu&#8217;Aterno n&#8217;est soumis qu&#8217;\u00e0 une obligation de moyens d\u00e9pendant notamment des informations transmises.<\/p>\n<p>Fonctionnement et mise \u00e0 disposition des services du contrat \u00ab Aterno &#8211; Privil\u00e8ge + \u00bb :<\/p>\n<p>Aterno transmet \u00e0 ses clients souscripteurs du contrat \u00ab Aterno &#8211; Privil\u00e8ge + \u00bb des informations en rapport avec les projets de travaux envisag\u00e9s et les diff\u00e9rentes aides au niveau national dont peuvent b\u00e9n\u00e9ficier les particuliers.<\/p>\n<p>Pour b\u00e9n\u00e9ficier de ces services le client s&#8217;engage \u00e0 fournir toutes informations utiles et n\u00e9cessaires \u00e0 Aterno qui fournira alors ses prestations.<\/p>\n<p>Aterno fait ses meilleurs efforts pour que ces informations soient actualis\u00e9es au mieux sans que cela ne constitue un engagement de r\u00e9sultat, ni d&#8217;exhaustivit\u00e9, ni de mise \u00e0 jour automatique des informations publi\u00e9es.<\/p>\n<p>Pour b\u00e9n\u00e9ficier des services souscrits dans le cadre du contrat \u00ab Aterno &#8211; Privil\u00e8ge + \u00bb et notamment de l&#8217;accompagnement personnalis\u00e9 allant jusqu&#8217;\u00e0 la r\u00e9alisation d&#8217;une visite technique, le client accepte d&#8217;\u00eatre rappel\u00e9 par la soci\u00e9t\u00e9 Aterno.<\/p>\n<p>L&#8217;objet m\u00eame du service d&#8217;accompagnement personnalis\u00e9 implique que le client ait accept\u00e9 pr\u00e9alablement que ses donn\u00e9es personnelles soient utilis\u00e9es et qu&#8217;il ait consenti \u00e0 \u00eatre rappel\u00e9 pour la r\u00e9alisation d&#8217;une visite technique, ce que le client reconnait et accepte.<\/p>\n<p>La souscription et l&#8217;utilisation du contrat \u00ab Aterno &#8211; Privil\u00e8ge + \u00bb peuvent requ\u00e9rir une connexion et un navigateur Internet. Tous mat\u00e9riels et logiciels n\u00e9cessaires \u00e0 l&#8217;acc\u00e8s et \u00e0 l&#8217;utilisation du contrat restent exclusivement \u00e0 la charge du client qui le reconnait et l&#8217;accepte.<\/p>\n<p>En cas de non-respect des termes des pr\u00e9sentes conditions g\u00e9n\u00e9rales, Aterno se r\u00e9serve le droit de prendre toute mesure de nature \u00e0 sauvegarder ses int\u00e9r\u00eats, y compris par la terminaison anticip\u00e9e du contrat souscrite, sans qu&#8217;une telle d\u00e9cision ne puisse engager la responsabilit\u00e9 d&#8217;Aterno \u00e0 quelque titre que ce soit.<\/p>\n<p>Les pr\u00e9sentes conditions g\u00e9n\u00e9rales et le contrat \u00ab Aterno &#8211; Privil\u00e8ge + \u00bb entrent en vigueur d\u00e8s la souscription du contrat et demeurent en vigueur entre Aterno et son client pour une dur\u00e9e de douze (12) mois.<\/p>\n<p>Les donn\u00e9es nominatives fournies par le client sont n\u00e9cessaires au traitement du contrat \u00ab Aterno &#8211; Privil\u00e8ge + \u00bb et \u00e0 ses suites. Elles peuvent \u00eatre communiqu\u00e9es aux partenaires d&#8217;Aterno charg\u00e9s de l&#8217;ex\u00e9cution, du traitement, de la gestion et du suivi des souscriptions.<\/p>\n<p>Le client, inform\u00e9 de la collecte et de la finalit\u00e9 des traitements de ses informations et donn\u00e9es personnelles, donne son accord expr\u00e8s \u00e0 leur utilisation par la souscription du contrat \u00ab Aterno &#8211; Privil\u00e8ge + \u00bb. Les donn\u00e9es trait\u00e9es sont destin\u00e9es \u00e0 Aterno, ainsi qu&#8217;aux partenaires et organismes tiers publics ou priv\u00e9s intervenant dans le traitement des dossiers de demande d&#8217;aides financi\u00e8res.<\/p>\n<p>Conform\u00e9ment au R\u00e8glement europ\u00e9en en vigueur, le client dispose d&#8217;un droit d&#8217;acc\u00e8s permanent, de modification, de suppression, d&#8217;oubli et de portabilit\u00e9 des informations nominatives le concernant. Ce droit s&#8217;exerce sur demande \u00e9crite aupr\u00e8s d&#8217;Aterno dont les coordonn\u00e9es figurent sur le site Internet, en indiquant son nom, pr\u00e9nom, adresse et si possible sa r\u00e9f\u00e9rence client. Conform\u00e9ment \u00e0 la r\u00e9glementation en vigueur, la demande doit \u00eatre sign\u00e9e et accompagn\u00e9e d&#8217;une copie d&#8217;un titre d&#8217;identit\u00e9 portant la signature du client et pr\u00e9ciser l&#8217;adresse \u00e0 laquelle doit parvenir la r\u00e9ponse.<\/p>\n<p>Aterno informe le client de son droit de s&#8217;inscrire sur la liste d&#8217;opposition au d\u00e9marchage t\u00e9l\u00e9phonique conform\u00e9ment \u00e0 l&#8217;article L.223-2 du Code de la consommation.<\/p>\n<p>Le client dispose d&#8217;un d\u00e9lai de quatorze (14) jours pour se r\u00e9tracter sans donner de motif. Pour le contrat \u00ab Aterno &#8211; Privil\u00e8ge + \u00bb, s&#8217;agissant de prestations de services, le d\u00e9lai court d\u00e8s la souscription du contrat et jusqu&#8217;\u00e0 14 jours apr\u00e8s.<\/p>\n<p>Pour exercer ce droit de r\u00e9tractation, le client doit notifier sa d\u00e9cision de r\u00e9tractation au moyen d&#8217;une d\u00e9claration d\u00e9nu\u00e9e d&#8217;ambigu\u00eft\u00e9, par lettre recommand\u00e9e avec accus\u00e9 de r\u00e9ception ou par mail. Le bordereau de r\u00e9tractation pr\u00e9vu \u00e0 cet effet pourra alors \u00eatre utilis\u00e9. Pour que le d\u00e9lai de r\u00e9tractation soit respect\u00e9, il suffit que le client transmette sa communication relative \u00e0 l&#8217;exercice du droit de r\u00e9tractation avant l&#8217;expiration du d\u00e9lai de r\u00e9tractation. En cas de r\u00e9tractation de la part du client, le contrat \u00e9tant souscrite \u00e0 titre gratuit, Aterno n&#8217;aura aucun remboursement \u00e0 effectuer.<\/p>\n<p>Les clauses stipul\u00e9es sur les propositions destin\u00e9es aux clients ne peuvent annuler ou modifier les pr\u00e9sentes conditions g\u00e9n\u00e9rales sauf accord express. Aterno se r\u00e9serve le droit de proc\u00e9der \u00e0 tout moment et sans pr\u00e9avis \u00e0 des modifications des pr\u00e9sentes conditions g\u00e9n\u00e9rales. En cas de contradiction, les conditions g\u00e9n\u00e9rales des propositions destin\u00e9es aux clients pr\u00e9valent sur les pr\u00e9sentes.<\/p>\n<p>Le client est inform\u00e9 de la possibilit\u00e9 qui lui est offerte, en cas de litige, d&#8217;avoir recours \u00e0 un M\u00e9diateur de la consommation. Il peut s&#8217;adresser \u00e0 lui :<\/p>\n<ul>\n<li>soit par \u00e9crit \u00e0 : Madame Eliane SIMON, m\u00e9diateur Sas M\u00e9diation Solution, 222 chemin de la bergerie 01800 Saint Jean de Niost (T\u00e9l. : +33 (0)4 82 53 93 06)<\/li>\n<li>soit par mail \u00e0 : contact@sasmediationsolution-conso.fr<\/li>\n<li>soit en remplissant le formulaire en ligne intitul\u00e9 \u00ab Saisir le m\u00e9diateur \u00bb sur le site https:\/\/www.sasmediationsolution-conso.fr<\/li>\n<\/ul>\n<p>Quel que soit le moyen de saisine utilis\u00e9, la demande doit imp\u00e9rativement contenir : les coordonn\u00e9es postales, t\u00e9l\u00e9phoniques et \u00e9lectroniques du demandeur, le nom et l&#8217;adresse du professionnel concern\u00e9, un expos\u00e9 succinct des faits, la preuve des d\u00e9marches pr\u00e9alables entreprises aupr\u00e8s du professionnel.<\/p>\n<p>En cas de litige aff\u00e9rent \u00e0 l&#8217;interpr\u00e9tation ou l&#8217;ex\u00e9cution des pr\u00e9sentes, il est rappel\u00e9 au client qu&#8217;il peut saisir, soit l&#8217;une des juridictions territorialement comp\u00e9tentes en vertu du Code de proc\u00e9dure civile, soit la juridiction du lieu o\u00f9 il demeurait au moment de la conclusion du contrat ou de la survenance du fait dommageable (Art. R631-1 \u00e0 R631-3 du Code de la consommation).<\/p>\n<p>Dans le cadre de ce contrat \u00ab Aterno &#8211; Privil\u00e8ge + \u00bb, le client peut \u00e0 tout moment contacter Aterno :<\/p>\n<ul>\n<li>Par email \u00e0 : contact@chauffage-aterno.com<\/li>\n<li>Par t\u00e9l\u00e9phone au : 02.376.87.00<\/li>\n<li>Par courrier au : Avenue Louise 143\/4 &#8211; 1050 BRUXELLES<\/li>\n<li>Via le site Internet : www.aterno.be<\/li>\n<\/ul>\n<p><strong>Information pr\u00e9-contractuelle \u2013 Extrait des dispositions du Code de la consommation :<\/strong><\/p>\n<p>Article L 221-5 : \u00ab Pr\u00e9alablement \u00e0 la conclusion d&#8217;un contrat de vente ou de fourniture de services, le professionnel communique au consommateur, de mani\u00e8re lisible et compr\u00e9hensible, les informations suivantes : 1\u00b0 Les informations pr\u00e9vues aux articles L. 111-1 et L. 111-2 ; 2\u00b0 Lorsque le droit de r\u00e9tractation existe, les conditions, le d\u00e9lai et les modalit\u00e9s d&#8217;exercice de ce droit ainsi que le formulaire type de r\u00e9tractation, dont les conditions de pr\u00e9sentation et les mentions qu&#8217;il contient sont fix\u00e9es par d\u00e9cret en Conseil d&#8217;Etat ; 3\u00b0 Le cas \u00e9ch\u00e9ant, le fait que le consommateur supporte les frais de renvoi du bien en cas de r\u00e9tractation et, pour les contrats \u00e0 distance, le co\u00fbt de renvoi du bien lorsque celui-ci, en raison de sa nature, ne peut normalement \u00eatre renvoy\u00e9 par la poste ; 4\u00b0 L&#8217;information sur l&#8217;obligation du consommateur de payer des frais lorsque celui-ci exerce son droit de r\u00e9tractation d&#8217;un contrat de prestation de services, de distribution d&#8217;eau, de fourniture de gaz ou d&#8217;\u00e9lectricit\u00e9 et d&#8217;abonnement \u00e0 un r\u00e9seau de chauffage urbain dont il a demand\u00e9 express\u00e9ment l&#8217;ex\u00e9cution avant la fin du d\u00e9lai de r\u00e9tractation ; ces frais sont calcul\u00e9s selon les modalit\u00e9s fix\u00e9es \u00e0 l&#8217;article L. 221-25 ; 5\u00b0 Lorsque le droit de r\u00e9tractation ne peut \u00eatre exerc\u00e9 en application de l&#8217;article L. 221-28, l&#8217;information selon laquelle le consommateur ne b\u00e9n\u00e9ficie pas de ce droit ou, le cas \u00e9ch\u00e9ant, les circonstances dans lesquelles le consommateur perd son droit de r\u00e9tractation ; 6\u00b0 Les informations relatives aux coordonn\u00e9es du professionnel, le cas \u00e9ch\u00e9ant aux co\u00fbts de l&#8217;utilisation de la technique de communication \u00e0 distance, \u00e0 l&#8217;existence de codes de bonne conduite, le cas \u00e9ch\u00e9ant aux cautions et garanties, aux modalit\u00e9s de r\u00e9siliation, aux modes de r\u00e8glement des litiges et aux autres conditions contractuelles, dont la liste et le contenu sont fix\u00e9s par d\u00e9cret en Conseil d&#8217;Etat.<\/p>\n<p>Dans le cas d&#8217;une vente aux ench\u00e8res publiques telle que d\u00e9finie par le premier alin\u00e9a de l&#8217;article L. 321-3 du code de commerce, les informations relatives \u00e0 l&#8217;identit\u00e9 et aux coordonn\u00e9es postales, t\u00e9l\u00e9phoniques et \u00e9lectroniques du professionnel pr\u00e9vues au 4\u00b0 de l&#8217;article L. 111-1 peuvent \u00eatre remplac\u00e9es par celles du mandataire. \u00bb<\/p>\n<p>Article L 111-1 : \u00ab Avant que le consommateur ne soit li\u00e9 par un contrat de vente de biens ou de fourniture de services, le professionnel communique au consommateur, de mani\u00e8re lisible et compr\u00e9hensible, les informations suivantes : 1\u00b0 Les caract\u00e9ristiques essentielles du bien ou du service, compte tenu du support de communication utilis\u00e9 et du bien ou service concern\u00e9 ; 2\u00b0 Le prix du bien ou du service, en application des articles L. 112-1 \u00e0 L. 112-4 ; 3\u00b0 En l&#8217;absence d&#8217;ex\u00e9cution imm\u00e9diate du contrat, la date ou le d\u00e9lai auquel le professionnel s&#8217;engage \u00e0 livrer le bien ou \u00e0 ex\u00e9cuter le service ; 4\u00b0 Les informations relatives \u00e0 son identit\u00e9, \u00e0 ses coordonn\u00e9es postales, t\u00e9l\u00e9phoniques et \u00e9lectroniques et \u00e0 ses activit\u00e9s, pour autant qu&#8217;elles ne ressortent pas du contexte ; 5\u00b0 S&#8217;il y a lieu, les informations relatives aux garanties l\u00e9gales, aux fonctionnalit\u00e9s du contenu num\u00e9rique et, le cas \u00e9ch\u00e9ant, \u00e0 son interop\u00e9rabilit\u00e9, \u00e0 l&#8217;existence de toute restriction d&#8217;installation de logiciel, \u00e0 l&#8217;existence et aux modalit\u00e9s de mise en \u0153uvre des garanties et aux autres conditions contractuelles ; 6\u00b0 La possibilit\u00e9 de recourir \u00e0 un m\u00e9diateur de la consommation dans les conditions pr\u00e9vues au titre Ier du livre VI.<\/p>\n<p>La liste et le contenu pr\u00e9cis de ces informations sont fix\u00e9s par d\u00e9cret en Conseil d&#8217;Etat.<\/p>\n<p>Les dispositions du pr\u00e9sent article s&#8217;appliquent \u00e9galement aux contrats portant sur la fourniture d&#8217;eau, de gaz ou d&#8217;\u00e9lectricit\u00e9, lorsqu&#8217;ils ne sont pas conditionn\u00e9s dans un volume d\u00e9limit\u00e9 ou en quantit\u00e9 d\u00e9termin\u00e9e, ainsi que de chauffage urbain et de contenu num\u00e9rique non fourni sur un support mat\u00e9riel. Ces contrats font \u00e9galement r\u00e9f\u00e9rence \u00e0 la n\u00e9cessit\u00e9 d&#8217;une consommation sobre et respectueuse de la pr\u00e9servation de l&#8217;environnement. \u00bb<\/p>\n<p><img loading=\"lazy\" decoding=\"async\" class=\"wp-image-2961 size-full aligncenter\" src=\"\/app\/uploads\/2022\/08\/bordereau-de-retractation-aterno-privilege-plus-befr.jpg\" alt=\"\" width=\"595\" height=\"842\" srcset=\"https:\/\/www.aterno.be\/app\/uploads\/2022\/08\/bordereau-de-retractation-aterno-privilege-plus-befr.jpg 595w, https:\/\/www.aterno.be\/app\/uploads\/2022\/08\/bordereau-de-retractation-aterno-privilege-plus-befr-212x300.jpg 212w, https:\/\/www.aterno.be\/app\/uploads\/2022\/08\/bordereau-de-retractation-aterno-privilege-plus-befr-150x212.jpg 150w, https:\/\/www.aterno.be\/app\/uploads\/2022\/08\/bordereau-de-retractation-aterno-privilege-plus-befr-510x722.jpg 510w, https:\/\/www.aterno.be\/app\/uploads\/2022\/08\/bordereau-de-retractation-aterno-privilege-plus-befr-411x582.jpg 411w, https:\/\/www.aterno.be\/app\/uploads\/2022\/08\/bordereau-de-retractation-aterno-privilege-plus-befr-64x90.jpg 64w, https:\/\/www.aterno.be\/app\/uploads\/2022\/08\/bordereau-de-retractation-aterno-privilege-plus-befr-48x68.jpg 48w\" sizes=\"auto, (max-width: 595px) 100vw, 595px\" \/><\/p>\n","protected":false},"excerpt":{"rendered":"<p>En souscrivant au contrat \u00ab Aterno &#8211; Privil\u00e8ge + \u00bb la personne devient client d&#8217;Aterno [&hellip;]<\/p>\n","protected":false},"author":2,"featured_media":0,"parent":0,"menu_order":0,"comment_status":"closed","ping_status":"closed","template":"","meta":{"_acf_changed":false,"footnotes":""},"class_list":["post-2960","page","type-page","status-publish","hentry"],"acf":[],"yoast_head":"<!-- This site is optimized with the Yoast SEO plugin v26.9 - https:\/\/yoast.com\/product\/yoast-seo-wordpress\/ -->\n<title>Conditions G\u00e9n\u00e9rales de Ventes Aterno Privil\u00e8ge + | Aterno<\/title>\n<meta name=\"description\" content=\"Conditions G\u00e9n\u00e9rales de Ventes du contrat Aterno Privil\u00e8ge +\" \/>\n<meta name=\"robots\" content=\"noindex, follow\" \/>\n<meta property=\"og:type\" content=\"article\" \/>\n<meta property=\"og:title\" content=\"Conditions G\u00e9n\u00e9rales de Ventes Aterno Privil\u00e8ge + | Aterno\" \/>\n<meta property=\"og:description\" content=\"Conditions G\u00e9n\u00e9rales de Ventes du contrat Aterno Privil\u00e8ge +\" \/>\n<meta property=\"og:url\" content=\"https:\/\/www.aterno.be\/fr\/conditions-generales-de-ventes-aterno-privilege-plus\/\" \/>\n<meta property=\"og:site_name\" content=\"Aterno\" \/>\n<meta property=\"article:publisher\" content=\"https:\/\/www.facebook.com\/aterno.belgium\/\" \/>\n<meta property=\"article:modified_time\" content=\"2022-09-01T09:50:20+00:00\" \/>\n<meta name=\"twitter:card\" content=\"summary_large_image\" \/>\n<meta name=\"twitter:label1\" content=\"Est. reading time\" \/>\n\t<meta name=\"twitter:data1\" content=\"11 minutes\" \/>\n<script type=\"application\/ld+json\" class=\"yoast-schema-graph\">{\"@context\":\"https:\/\/schema.org\",\"@graph\":[{\"@type\":\"Article\",\"@id\":\"https:\/\/www.aterno.be\/fr\/conditions-generales-de-ventes-aterno-privilege-plus\/#article\",\"isPartOf\":{\"@id\":\"https:\/\/www.aterno.be\/fr\/conditions-generales-de-ventes-aterno-privilege-plus\/\"},\"author\":{\"name\":\"Nicolas Marey\",\"@id\":\"https:\/\/www.aterno.be\/nl\/#\/schema\/person\/5ac260c99fb2f286a6b6daa3e4894068\"},\"headline\":\"Conditions G\u00e9n\u00e9rales de Ventes Aterno Privil\u00e8ge +\",\"datePublished\":\"2022-08-18T13:27:33+00:00\",\"dateModified\":\"2022-09-01T09:50:20+00:00\",\"mainEntityOfPage\":{\"@id\":\"https:\/\/www.aterno.be\/fr\/conditions-generales-de-ventes-aterno-privilege-plus\/\"},\"wordCount\":2278,\"publisher\":{\"@id\":\"https:\/\/www.aterno.be\/nl\/#organization\"},\"inLanguage\":\"fr-BE\"},{\"@type\":\"WebPage\",\"@id\":\"https:\/\/www.aterno.be\/fr\/conditions-generales-de-ventes-aterno-privilege-plus\/\",\"url\":\"https:\/\/www.aterno.be\/fr\/conditions-generales-de-ventes-aterno-privilege-plus\/\",\"name\":\"Conditions G\u00e9n\u00e9rales de Ventes Aterno Privil\u00e8ge + | Aterno\",\"isPartOf\":{\"@id\":\"https:\/\/www.aterno.be\/nl\/#website\"},\"datePublished\":\"2022-08-18T13:27:33+00:00\",\"dateModified\":\"2022-09-01T09:50:20+00:00\",\"description\":\"Conditions G\u00e9n\u00e9rales de Ventes du contrat Aterno Privil\u00e8ge +\",\"breadcrumb\":{\"@id\":\"https:\/\/www.aterno.be\/fr\/conditions-generales-de-ventes-aterno-privilege-plus\/#breadcrumb\"},\"inLanguage\":\"fr-BE\",\"potentialAction\":[{\"@type\":\"ReadAction\",\"target\":[\"https:\/\/www.aterno.be\/fr\/conditions-generales-de-ventes-aterno-privilege-plus\/\"]}]},{\"@type\":\"BreadcrumbList\",\"@id\":\"https:\/\/www.aterno.be\/fr\/conditions-generales-de-ventes-aterno-privilege-plus\/#breadcrumb\",\"itemListElement\":[{\"@type\":\"ListItem\",\"position\":1,\"name\":\"Home\",\"item\":\"https:\/\/www.aterno.be\/fr\/\"},{\"@type\":\"ListItem\",\"position\":2,\"name\":\"Conditions G\u00e9n\u00e9rales de Ventes Aterno Privil\u00e8ge +\"}]},{\"@type\":\"WebSite\",\"@id\":\"https:\/\/www.aterno.be\/nl\/#website\",\"url\":\"https:\/\/www.aterno.be\/nl\/\",\"name\":\"Aterno Belgium\",\"description\":\"\",\"publisher\":{\"@id\":\"https:\/\/www.aterno.be\/nl\/#organization\"},\"alternateName\":\"Aterno\",\"potentialAction\":[{\"@type\":\"SearchAction\",\"target\":{\"@type\":\"EntryPoint\",\"urlTemplate\":\"https:\/\/www.aterno.be\/nl\/?s={search_term_string}\"},\"query-input\":{\"@type\":\"PropertyValueSpecification\",\"valueRequired\":true,\"valueName\":\"search_term_string\"}}],\"inLanguage\":\"fr-BE\"},{\"@type\":\"Organization\",\"@id\":\"https:\/\/www.aterno.be\/nl\/#organization\",\"name\":\"Aterno Belgium\",\"alternateName\":\"Aterno\",\"url\":\"https:\/\/www.aterno.be\/nl\/\",\"logo\":{\"@type\":\"ImageObject\",\"inLanguage\":\"fr-BE\",\"@id\":\"https:\/\/www.aterno.be\/nl\/#\/schema\/logo\/image\/\",\"url\":\"https:\/\/www.aterno.be\/app\/uploads\/2022\/06\/logo-aterno-2.png\",\"contentUrl\":\"https:\/\/www.aterno.be\/app\/uploads\/2022\/06\/logo-aterno-2.png\",\"width\":246,\"height\":246,\"caption\":\"Aterno Belgium\"},\"image\":{\"@id\":\"https:\/\/www.aterno.be\/nl\/#\/schema\/logo\/image\/\"},\"sameAs\":[\"https:\/\/www.facebook.com\/aterno.belgium\/\",\"https:\/\/www.linkedin.com\/company\/aterno\/\"]},{\"@type\":\"Person\",\"@id\":\"https:\/\/www.aterno.be\/nl\/#\/schema\/person\/5ac260c99fb2f286a6b6daa3e4894068\",\"name\":\"Nicolas Marey\",\"image\":{\"@type\":\"ImageObject\",\"inLanguage\":\"fr-BE\",\"@id\":\"https:\/\/www.aterno.be\/nl\/#\/schema\/person\/image\/\",\"url\":\"https:\/\/secure.gravatar.com\/avatar\/8fb51a00ab0cef6bc7628d6a38bf02be185e6ef58cff45802ddb9c495f9a5bb7?s=96&d=mm&r=g\",\"contentUrl\":\"https:\/\/secure.gravatar.com\/avatar\/8fb51a00ab0cef6bc7628d6a38bf02be185e6ef58cff45802ddb9c495f9a5bb7?s=96&d=mm&r=g\",\"caption\":\"Nicolas Marey\"}}]}<\/script>\n<!-- \/ Yoast SEO plugin. -->","yoast_head_json":{"title":"Conditions G\u00e9n\u00e9rales de Ventes Aterno Privil\u00e8ge + | Aterno","description":"Conditions G\u00e9n\u00e9rales de Ventes du contrat Aterno Privil\u00e8ge +","robots":{"index":"noindex","follow":"follow"},"og_type":"article","og_title":"Conditions G\u00e9n\u00e9rales de Ventes Aterno Privil\u00e8ge + | Aterno","og_description":"Conditions G\u00e9n\u00e9rales de Ventes du contrat Aterno Privil\u00e8ge +","og_url":"https:\/\/www.aterno.be\/fr\/conditions-generales-de-ventes-aterno-privilege-plus\/","og_site_name":"Aterno","article_publisher":"https:\/\/www.facebook.com\/aterno.belgium\/","article_modified_time":"2022-09-01T09:50:20+00:00","twitter_card":"summary_large_image","twitter_misc":{"Est. reading time":"11 minutes"},"schema":{"@context":"https:\/\/schema.org","@graph":[{"@type":"Article","@id":"https:\/\/www.aterno.be\/fr\/conditions-generales-de-ventes-aterno-privilege-plus\/#article","isPartOf":{"@id":"https:\/\/www.aterno.be\/fr\/conditions-generales-de-ventes-aterno-privilege-plus\/"},"author":{"name":"Nicolas Marey","@id":"https:\/\/www.aterno.be\/nl\/#\/schema\/person\/5ac260c99fb2f286a6b6daa3e4894068"},"headline":"Conditions G\u00e9n\u00e9rales de Ventes Aterno Privil\u00e8ge +","datePublished":"2022-08-18T13:27:33+00:00","dateModified":"2022-09-01T09:50:20+00:00","mainEntityOfPage":{"@id":"https:\/\/www.aterno.be\/fr\/conditions-generales-de-ventes-aterno-privilege-plus\/"},"wordCount":2278,"publisher":{"@id":"https:\/\/www.aterno.be\/nl\/#organization"},"inLanguage":"fr-BE"},{"@type":"WebPage","@id":"https:\/\/www.aterno.be\/fr\/conditions-generales-de-ventes-aterno-privilege-plus\/","url":"https:\/\/www.aterno.be\/fr\/conditions-generales-de-ventes-aterno-privilege-plus\/","name":"Conditions G\u00e9n\u00e9rales de Ventes Aterno Privil\u00e8ge + | Aterno","isPartOf":{"@id":"https:\/\/www.aterno.be\/nl\/#website"},"datePublished":"2022-08-18T13:27:33+00:00","dateModified":"2022-09-01T09:50:20+00:00","description":"Conditions G\u00e9n\u00e9rales de Ventes du contrat Aterno Privil\u00e8ge +","breadcrumb":{"@id":"https:\/\/www.aterno.be\/fr\/conditions-generales-de-ventes-aterno-privilege-plus\/#breadcrumb"},"inLanguage":"fr-BE","potentialAction":[{"@type":"ReadAction","target":["https:\/\/www.aterno.be\/fr\/conditions-generales-de-ventes-aterno-privilege-plus\/"]}]},{"@type":"BreadcrumbList","@id":"https:\/\/www.aterno.be\/fr\/conditions-generales-de-ventes-aterno-privilege-plus\/#breadcrumb","itemListElement":[{"@type":"ListItem","position":1,"name":"Home","item":"https:\/\/www.aterno.be\/fr\/"},{"@type":"ListItem","position":2,"name":"Conditions G\u00e9n\u00e9rales de Ventes Aterno Privil\u00e8ge +"}]},{"@type":"WebSite","@id":"https:\/\/www.aterno.be\/nl\/#website","url":"https:\/\/www.aterno.be\/nl\/","name":"Aterno Belgium","description":"","publisher":{"@id":"https:\/\/www.aterno.be\/nl\/#organization"},"alternateName":"Aterno","potentialAction":[{"@type":"SearchAction","target":{"@type":"EntryPoint","urlTemplate":"https:\/\/www.aterno.be\/nl\/?s={search_term_string}"},"query-input":{"@type":"PropertyValueSpecification","valueRequired":true,"valueName":"search_term_string"}}],"inLanguage":"fr-BE"},{"@type":"Organization","@id":"https:\/\/www.aterno.be\/nl\/#organization","name":"Aterno Belgium","alternateName":"Aterno","url":"https:\/\/www.aterno.be\/nl\/","logo":{"@type":"ImageObject","inLanguage":"fr-BE","@id":"https:\/\/www.aterno.be\/nl\/#\/schema\/logo\/image\/","url":"https:\/\/www.aterno.be\/app\/uploads\/2022\/06\/logo-aterno-2.png","contentUrl":"https:\/\/www.aterno.be\/app\/uploads\/2022\/06\/logo-aterno-2.png","width":246,"height":246,"caption":"Aterno Belgium"},"image":{"@id":"https:\/\/www.aterno.be\/nl\/#\/schema\/logo\/image\/"},"sameAs":["https:\/\/www.facebook.com\/aterno.belgium\/","https:\/\/www.linkedin.com\/company\/aterno\/"]},{"@type":"Person","@id":"https:\/\/www.aterno.be\/nl\/#\/schema\/person\/5ac260c99fb2f286a6b6daa3e4894068","name":"Nicolas Marey","image":{"@type":"ImageObject","inLanguage":"fr-BE","@id":"https:\/\/www.aterno.be\/nl\/#\/schema\/person\/image\/","url":"https:\/\/secure.gravatar.com\/avatar\/8fb51a00ab0cef6bc7628d6a38bf02be185e6ef58cff45802ddb9c495f9a5bb7?s=96&d=mm&r=g","contentUrl":"https:\/\/secure.gravatar.com\/avatar\/8fb51a00ab0cef6bc7628d6a38bf02be185e6ef58cff45802ddb9c495f9a5bb7?s=96&d=mm&r=g","caption":"Nicolas Marey"}}]}},"_links":{"self":[{"href":"https:\/\/www.aterno.be\/fr\/wp-json\/wp\/v2\/pages\/2960","targetHints":{"allow":["GET"]}}],"collection":[{"href":"https:\/\/www.aterno.be\/fr\/wp-json\/wp\/v2\/pages"}],"about":[{"href":"https:\/\/www.aterno.be\/fr\/wp-json\/wp\/v2\/types\/page"}],"author":[{"embeddable":true,"href":"https:\/\/www.aterno.be\/fr\/wp-json\/wp\/v2\/users\/2"}],"replies":[{"embeddable":true,"href":"https:\/\/www.aterno.be\/fr\/wp-json\/wp\/v2\/comments?post=2960"}],"version-history":[{"count":5,"href":"https:\/\/www.aterno.be\/fr\/wp-json\/wp\/v2\/pages\/2960\/revisions"}],"predecessor-version":[{"id":3094,"href":"https:\/\/www.aterno.be\/fr\/wp-json\/wp\/v2\/pages\/2960\/revisions\/3094"}],"wp:attachment":[{"href":"https:\/\/www.aterno.be\/fr\/wp-json\/wp\/v2\/media?parent=2960"}],"curies":[{"name":"wp","href":"https:\/\/api.w.org\/{rel}","templated":true}]}}